{"id":3,"date":"2020-09-28T10:11:17","date_gmt":"2020-09-28T10:11:17","guid":{"rendered":"https:\/\/sezim.pt\/?page_id=3"},"modified":"2021-11-03T16:52:18","modified_gmt":"2021-11-03T16:52:18","slug":"politica-de-privacidade","status":"publish","type":"page","link":"https:\/\/sezim.pt\/?page_id=3","title":{"rendered":"Pol\u00edtica de Privacidade"},"content":{"rendered":"\n<h1 class=\"wp-block-heading\">Pol\u00edtica de Privacidade<\/h1>\n\n\n\n<p>Data da \u00faltima actualiza\u00e7\u00e3o: 3 de Novembro de 2021<\/p>\n\n\n\n<p>A Casa de Sezim, dispon\u00edvel em sezim.pt, preocupa-se com a privacidade dos seus visitantes e clientes. Esta Pol\u00edtica de Privacidade descreve os procedimentos a que recorremos para recolher, utilizar e divulgar os seus dados pessoais, obtidos atrav\u00e9s do nosso site sezim.pt, e de que forma protegemos a sua privacidade.<\/p>\n\n\n\n<p>Utilizamos os seus dados pessoais para receber as suas reservas de estadias e\/ou encomendas de Vinho Verde e para a melhoria dos servi\u00e7os que prestamos. Ao navegar na nossa p\u00e1gina, concorda com a recolha e utiliza\u00e7\u00e3o da sua informa\u00e7\u00e3o nos termos desta Pol\u00edtica de Privacidade.<\/p>\n\n\n\n<p>Esta Pol\u00edtica de Privacidade s\u00f3 se aplica \u00e0 atividade que desenvolvemos online, e \u00e9 v\u00e1lida para os visitantes do nosso website no que toca aos dados pessoais que estes partilharam ou que foram recolhidos, utilizados ou divulgados atrav\u00e9s do nosso website sezim.pt. Esta Pol\u00edtica de Privacidade n\u00e3o \u00e9 v\u00e1lida para quaisquer dados pessoais recolhidos offline ou por quaisquer outros canais de comunica\u00e7\u00e3o utilizados, que n\u00e3o o nosso website.<\/p>\n\n\n\n<p>No caso de d\u00favidas ou de pedidos de informa\u00e7\u00e3o sobre como tratamos os seus dados pessoais, n\u00e3o hesite em contactar-nos para <meta charset=\"utf-8\"><a href=\"mailto:geral@sezim.pt\" target=\"_blank\" rel=\"noreferrer noopener nofollow\">geral@sezim.pt<\/a> ou (+351) 253 523 000.<\/p>\n\n\n\n<h2 class=\"wp-block-heading\">Consentimento<\/h2>\n\n\n\n<p>Ao navegar no nosso website, est\u00e1 a consentir a nossa Pol\u00edtica de Privacidade e a concordar com os seus termos.<\/p>\n\n\n\n<h2 class=\"wp-block-heading\"><meta charset=\"utf-8\">Informa\u00e7\u00e3o que recolhemos<\/h2>\n\n\n\n<p>Os dados pessoais e de utiliza\u00e7\u00e3o que recolhemos e as raz\u00f5es pelas quais pedimos que os partilhe connosco ser\u00e3o clarificadas no momento de recolha da sua informa\u00e7\u00e3o pessoal. Se nos contactar diretamente, poder\u00e1 receber informa\u00e7\u00e3o adicional sobre os dados que divulgou, tais como o seu nome, endere\u00e7o de e-mail, n\u00famero de telefone, conte\u00fado da(s) mensagem(ns) e\/ou anexos que poder\u00e1 ter partilhado connosco, ou qualquer outra informa\u00e7\u00e3o que o utilizador escolha divulgar.<\/p>\n\n\n\n<h2 class=\"wp-block-heading\">Como usamos os seus dados pessoais<\/h2>\n\n\n\n<p>Usamos a informa\u00e7\u00e3o que recolhemos atrav\u00e9s do nosso website de v\u00e1rias formas, incluindo: manuten\u00e7\u00e3o e gest\u00e3o do nosso website; melhorias e personaliza\u00e7\u00e3o da sua experi\u00eancia; compreender e analisar a forma como utiliza o nosso website; desenvolvimento de novos produtos e\/ou servi\u00e7os; comunica\u00e7\u00e3o direta ou indireta de ofertas promocionais ou campanhas de marketing, apoio ao cliente, ou qualquer outra informa\u00e7\u00e3o relevante sobre o nosso website; enviar-lhe e-mails; encontrar e prevenir fraude inform\u00e1tica.<\/p>\n\n\n\n<h2 class=\"wp-block-heading\">Log de Dados<\/h2>\n\n\n\n<p>A Casa de Sezim, representada pelo seu website sezim.pt, segue procedimentos comuns de utiliza\u00e7\u00e3o de ficheiros de Log de Dados. Estes ficheiros registam visitantes quando estes navegam em websites. Todas as empresas de alojamento seguem estas normas, e estas integram as estat\u00edsticas destes servi\u00e7os. A informa\u00e7\u00e3o recolhida por estes registos incluem o endere\u00e7o IP, tipo de navegador utilizado, fornecedor de servi\u00e7o de internet, registos de data e hora, refer\u00eancias e abandonos de p\u00e1ginas web e, provavelmente, o n\u00famero de click efetuado. Estes dados n\u00e3o est\u00e3o relacionados com qualquer dado pessoal identific\u00e1vel do visitante. O prop\u00f3sito da recolha desta informa\u00e7\u00e3o \u00e9 a an\u00e1lise de m\u00e9tricas, gest\u00e3o do website, rastreamento dos movimentos dos utilizadores neste website e a recolha de dados demogr\u00e1ficos<\/p>\n\n\n\n<h2 class=\"wp-block-heading\">Pol\u00edtica de Cookies e tecnologias de rastreamento<\/h2>\n\n\n\n<p>Utilizados Cookies e tecnologia de rastreamento similar para registar a atividade no nosso website. As tecnologias de rastreamento utilizadas s\u00e3o beacons, tags e scripts para recolher e registar informa\u00e7\u00e3o e para melhoria e an\u00e1lise do nosso website. As tecnologias que usamos podem incluir:<\/p>\n\n\n\n<ul class=\"wp-block-list\"><li><strong>Cookies or Browser Cookies.<\/strong>&nbsp;Um Cookie \u00e9 um pequeno ficheiro guardado no seu dispositivo. Pode indicar ao seu navegador de Internet para rejeitar todos os Cookies ou para o notificar quando um Cookie est\u00e1 a ser recebido. No entanto, caso n\u00e3o aceite Cookies, poder\u00e1 n\u00e3o conseguir utilizar certas partes do nosso website. A n\u00e3o ser que ajuste o seu navegador para rejeitar Cookies, o nosso website poder\u00e1 us\u00e1-los.<\/li><li><strong>Flash Cookies.<\/strong>&nbsp;Determinadas partes do nosso website poder\u00e3o utilizar ficheiros guardados localmente (or Flash Cookies) para recolher e guardar informa\u00e7\u00e3o sobre as suas prefer\u00eancias ou a sua atividade no nosso website. Os Flash Cookies n\u00e3o s\u00e3o geridos pelas mesmas defini\u00e7\u00f5es de navegador que os Cookies ou Browser Cookies. Para mais informa\u00e7\u00e3o sobre como pode apagar Flash Cookies, por favor leia &#8220;Where can I change the settings for disabling, or deleting local shared objects?&#8221; dispon\u00edvel em&nbsp;<a href=\"https:\/\/helpx.adobe.com\/flash-player\/kb\/disable-local-shared-objects-flash.html#main_Where_can_I_change_the_settings_for_disabling__or_deleting_local_shared_objects_\" rel=\"noreferrer noopener\" target=\"_blank\">https:\/\/helpx.adobe.com\/flash-player\/kb\/disable-local-shared-objects-flash.html#main_Where_can_I_change_the_settings_for_disabling__or_deleting_local_shared_objects_<\/a> <\/li><li><strong>Web Beacons.<\/strong>&nbsp;Determinadas sec\u00e7\u00f5es do nosso website, bem como os nossos e-mails, podem conter pequenos ficheiros electr\u00f3nicos denominados de &#8220;web beacons&#8221; (tamb\u00e9m conhecimentos como clear gifs, pixel tags e single-pixel gifs) que permitem, por exemplo, que a Casa de Sezim registe o n\u00famero de utilizadores que visitou as nossas p\u00e1ginas ou abriu os nossos e-mails, ou quaisquer outras estat\u00edsticas relacionadas com o nosso website (a t\u00edtulo de exemplo: registar a popularidade de determinada sec\u00e7\u00e3o do nosso website e realizar verifica\u00e7\u00f5es de sistemas ou de servidores.<\/li><\/ul>\n\n\n\n<p>Os Cookies podem ser &#8220;Persistentes&#8221; ou &#8220;Por Sess\u00e3o&#8221;. Cookies Persistentes ficam alojados no seu dispositivo quando n\u00e3o est\u00e1 online, enquanto que os Cookies de Sess\u00e3o s\u00e3o apagados assim que fecha o seu navegador web.<\/p>\n\n\n\n<p>A informa\u00e7\u00e3o de Cookies \u00e9 utilizada exclusivamente para melhorar a experi\u00eancia dos utilizadores e para personaliza\u00e7\u00e3o\/adapta\u00e7\u00e3o do nosso website consoante o navegador de Internet utilizado e\/ou outras informa\u00e7\u00f5es.<\/p>\n\n\n\n<p>A Pol\u00edtica de Privacidade da Casa de Sezim n\u00e3o se aplica a outros anunciantes ou websites. Assim, aconselhamos a consulta das respetivas Pol\u00edticas de Privacidade de terceiros para informa\u00e7\u00e3o mais detalhada. Poder\u00e1 incluir as pr\u00e1ticas e instru\u00e7\u00f5es sobre como n\u00e3o ser inclu\u00eddo em determinadas op\u00e7\u00f5es. Poder\u00e1 escolher desativar Cookies nas defini\u00e7\u00f5es do seu navegador web. Para saber informa\u00e7\u00e3o mais detalhada sobre a gest\u00e3o de Cookies em navegadores web espec\u00edficos, visite os respetivos websites.<\/p>\n\n\n\n<h2 class=\"wp-block-heading\">Direitos de Prote\u00e7\u00e3o de Dados ao abrigo do RGPD<\/h2>\n\n\n\n<p>O Regulamento Geral de Prote\u00e7\u00e3o de Dados \u00e9 uma pol\u00edtica institu\u00edda pela Uni\u00e3o Europeia. Aconselhamos a que tenha conhecimento dos seus direitos de prote\u00e7\u00e3o de dados. Todos os utilizadores t\u00eam os seguintes direitos: <\/p>\n\n\n\n<p><strong>Direito de Acesso<\/strong>: tem o direito de solicitar c\u00f3pias dos seus dados pessoais. Poderemos cobrar um valor simb\u00f3lico por este servi\u00e7o;<\/p>\n\n\n\n<p><strong>Direito de Rectifica\u00e7\u00e3o<\/strong>: tem o direito de solicitar que qualquer informa\u00e7\u00e3o seja corrigida, caso acredite que esta esteja incorreta. Tamb\u00e9m tem o direito de solicitar que informa\u00e7\u00e3o incompleta seja preenchida correta e completamente;<\/p>\n\n\n\n<p><strong>Direito de Exclus\u00e3o<\/strong>: tem o direito de solicitar que os seus dados pessoais sejam apagados, sob determinadas condi\u00e7\u00f5es;<\/p>\n\n\n\n<p><strong>Direito de Restri\u00e7\u00e3o de Processamento<\/strong>: tem o direito de solicitar que a Casa de Sezim restrinja o processamento dos seus dados pessoais, sob determinadas condi\u00e7\u00f5es;<\/p>\n\n\n\n<p><strong>Direito de Recusa de Processamento<\/strong>: tem o direito de recusar o processamento dos seus dados pessoais, sob determinadas condi\u00e7\u00f5es;<\/p>\n\n\n\n<p><strong>Direito \u00e0 Portabilidade dos Dados<\/strong>: tem o direito de solicitar a transfer\u00eancia dos dados pessoais que recolhemos para outra organiza\u00e7\u00e3o\/institui\u00e7\u00e3o\/empresa, ou diretamente para si, sob determinadas condi\u00e7\u00f5es;<\/p>\n\n\n\n<p>Caso fa\u00e7a algum pedido sobre os seus dados, a Casa de Sezim disp\u00f5e do prazo de um m\u00eas para lhe dar uma resposta. Caso queira exercer qualquer um destes direitos, por favor contacte-nos para <a href=\"mailto:geral@sezim.pt\" target=\"_blank\" rel=\"noreferrer noopener nofollow\">geral@sezim.pt<\/a> ou (+351) 253 523 000.<\/p>\n\n\n\n<h2 class=\"wp-block-heading\">Contacte-nos<\/h2>\n\n\n\n<ul class=\"wp-block-list\"><li>Por email:&nbsp;<a href=\"mailto:geral@ess.ipp.pt\" target=\"_blank\" rel=\"noreferrer noopener nofollow\">geral@ess.ipp.pt<\/a><\/li><li>Por telefone: (+351) 253 523 000<\/li><\/ul>\n","protected":false},"excerpt":{"rendered":"<p>Pol\u00edtica de Privacidade Data da \u00faltima actualiza\u00e7\u00e3o: 3 de Novembro de 2021 A Casa de Sezim, dispon\u00edvel em sezim.pt, preocupa-se com a privacidade dos seus visitantes e clientes. Esta Pol\u00edtica de Privacidade descreve os procedimentos a que recorremos para recolher, utilizar e divulgar os seus dados pessoais, obtidos atrav\u00e9s do nosso site sezim.pt, e de [&hellip;]<\/p>\n","protected":false},"author":1,"featured_media":0,"parent":0,"menu_order":0,"comment_status":"closed","ping_status":"closed","template":"","meta":{"inline_featured_image":false,"ocean_post_layout":"full-width","ocean_both_sidebars_style":"","ocean_both_sidebars_content_width":0,"ocean_both_sidebars_sidebars_width":0,"ocean_sidebar":"0","ocean_second_sidebar":"0","ocean_disable_margins":"enable","ocean_add_body_class":"","ocean_shortcode_before_top_bar":"","ocean_shortcode_after_top_bar":"","ocean_shortcode_before_header":"","ocean_shortcode_after_header":"","ocean_has_shortcode":"","ocean_shortcode_after_title":"","ocean_shortcode_before_footer_widgets":"","ocean_shortcode_after_footer_widgets":"","ocean_shortcode_before_footer_bottom":"","ocean_shortcode_after_footer_bottom":"","ocean_display_top_bar":"off","ocean_display_header":"on","ocean_header_style":"","ocean_center_header_left_menu":"0","ocean_custom_header_template":"0","ocean_custom_logo":0,"ocean_custom_retina_logo":0,"ocean_custom_logo_max_width":0,"ocean_custom_logo_tablet_max_width":0,"ocean_custom_logo_mobile_max_width":0,"ocean_custom_logo_max_height":0,"ocean_custom_logo_tablet_max_height":0,"ocean_custom_logo_mobile_max_height":0,"ocean_header_custom_menu":"0","ocean_menu_typo_font_family":"0","ocean_menu_typo_font_subset":"","ocean_menu_typo_font_size":0,"ocean_menu_typo_font_size_tablet":0,"ocean_menu_typo_font_size_mobile":0,"ocean_menu_typo_font_size_unit":"px","ocean_menu_typo_font_weight":"","ocean_menu_typo_font_weight_tablet":"","ocean_menu_typo_font_weight_mobile":"","ocean_menu_typo_transform":"","ocean_menu_typo_transform_tablet":"","ocean_menu_typo_transform_mobile":"","ocean_menu_typo_line_height":0,"ocean_menu_typo_line_height_tablet":0,"ocean_menu_typo_line_height_mobile":0,"ocean_menu_typo_line_height_unit":"","ocean_menu_typo_spacing":0,"ocean_menu_typo_spacing_tablet":0,"ocean_menu_typo_spacing_mobile":0,"ocean_menu_typo_spacing_unit":"","ocean_menu_link_color":"","ocean_menu_link_color_hover":"","ocean_menu_link_color_active":"","ocean_menu_link_background":"","ocean_menu_link_hover_background":"","ocean_menu_link_active_background":"","ocean_menu_social_links_bg":"","ocean_menu_social_hover_links_bg":"","ocean_menu_social_links_color":"","ocean_menu_social_hover_links_color":"","ocean_disable_title":"on","ocean_disable_heading":"default","ocean_post_title":"","ocean_post_subheading":"","ocean_post_title_style":"","ocean_post_title_background_color":"","ocean_post_title_background":0,"ocean_post_title_bg_image_position":"","ocean_post_title_bg_image_attachment":"","ocean_post_title_bg_image_repeat":"","ocean_post_title_bg_image_size":"","ocean_post_title_height":0,"ocean_post_title_bg_overlay":0.5,"ocean_post_title_bg_overlay_color":"","ocean_disable_breadcrumbs":"default","ocean_breadcrumbs_color":"","ocean_breadcrumbs_separator_color":"","ocean_breadcrumbs_links_color":"","ocean_breadcrumbs_links_hover_color":"","ocean_display_footer_widgets":"on","ocean_display_footer_bottom":"off","ocean_custom_footer_template":"0","footnotes":""},"class_list":["post-3","page","type-page","status-publish","hentry","entry"],"yoast_head":"<!-- This site is optimized with the Yoast SEO plugin v25.9 - https:\/\/yoast.com\/wordpress\/plugins\/seo\/ -->\n<title>Pol\u00edtica de Privacidade - Casa de Sezim<\/title>\n<meta name=\"description\" content=\"Pol\u00edtica de privacidade e tratamento de dados pessoais por parte da Casa de Sezim - Agricultura, Turismo e Invest. Imob. S.A.\" \/>\n<meta name=\"robots\" content=\"index, follow, max-snippet:-1, max-image-preview:large, max-video-preview:-1\" \/>\n<link rel=\"canonical\" href=\"https:\/\/sezim.pt\/?page_id=3\" \/>\n<meta property=\"og:locale\" content=\"pt_PT\" \/>\n<meta property=\"og:type\" content=\"article\" \/>\n<meta property=\"og:title\" content=\"Pol\u00edtica de Privacidade - Casa de Sezim\" \/>\n<meta property=\"og:description\" content=\"Pol\u00edtica de privacidade e tratamento de dados pessoais por parte da Casa de Sezim - Agricultura, Turismo e Invest. Imob. S.A.\" \/>\n<meta property=\"og:url\" content=\"https:\/\/sezim.pt\/?page_id=3\" \/>\n<meta property=\"og:site_name\" content=\"Casa de Sezim\" \/>\n<meta property=\"article:publisher\" content=\"https:\/\/www.facebook.com\/casadesezim\/\" \/>\n<meta property=\"article:modified_time\" content=\"2021-11-03T16:52:18+00:00\" \/>\n<meta name=\"twitter:card\" content=\"summary_large_image\" \/>\n<meta name=\"twitter:label1\" content=\"Tempo estimado de leitura\" \/>\n\t<meta name=\"twitter:data1\" content=\"6 minutos\" \/>\n<script type=\"application\/ld+json\" class=\"yoast-schema-graph\">{\"@context\":\"https:\/\/schema.org\",\"@graph\":[{\"@type\":\"WebPage\",\"@id\":\"https:\/\/sezim.pt\/?page_id=3\",\"url\":\"https:\/\/sezim.pt\/?page_id=3\",\"name\":\"Pol\u00edtica de Privacidade - Casa de Sezim\",\"isPartOf\":{\"@id\":\"https:\/\/sezim.pt\/#website\"},\"datePublished\":\"2020-09-28T10:11:17+00:00\",\"dateModified\":\"2021-11-03T16:52:18+00:00\",\"description\":\"Pol\u00edtica de privacidade e tratamento de dados pessoais por parte da Casa de Sezim - Agricultura, Turismo e Invest. Imob. S.A.\",\"breadcrumb\":{\"@id\":\"https:\/\/sezim.pt\/?page_id=3#breadcrumb\"},\"inLanguage\":\"pt-PT\",\"potentialAction\":[{\"@type\":\"ReadAction\",\"target\":[\"https:\/\/sezim.pt\/?page_id=3\"]}]},{\"@type\":\"BreadcrumbList\",\"@id\":\"https:\/\/sezim.pt\/?page_id=3#breadcrumb\",\"itemListElement\":[{\"@type\":\"ListItem\",\"position\":1,\"name\":\"In\u00edcio\",\"item\":\"https:\/\/sezim.pt\/\"},{\"@type\":\"ListItem\",\"position\":2,\"name\":\"Pol\u00edtica de Privacidade\"}]},{\"@type\":\"WebSite\",\"@id\":\"https:\/\/sezim.pt\/#website\",\"url\":\"https:\/\/sezim.pt\/\",\"name\":\"Casa de Sezim\",\"description\":\"Vinho Verde e Turismo Rural com saber de Gera\u00e7\u00f5es\",\"publisher\":{\"@id\":\"https:\/\/sezim.pt\/#organization\"},\"potentialAction\":[{\"@type\":\"SearchAction\",\"target\":{\"@type\":\"EntryPoint\",\"urlTemplate\":\"https:\/\/sezim.pt\/?s={search_term_string}\"},\"query-input\":{\"@type\":\"PropertyValueSpecification\",\"valueRequired\":true,\"valueName\":\"search_term_string\"}}],\"inLanguage\":\"pt-PT\"},{\"@type\":\"Organization\",\"@id\":\"https:\/\/sezim.pt\/#organization\",\"name\":\"Casa de Sezim\",\"url\":\"https:\/\/sezim.pt\/\",\"logo\":{\"@type\":\"ImageObject\",\"inLanguage\":\"pt-PT\",\"@id\":\"https:\/\/sezim.pt\/#\/schema\/logo\/image\/\",\"url\":\"\",\"contentUrl\":\"\",\"caption\":\"Casa de Sezim\"},\"image\":{\"@id\":\"https:\/\/sezim.pt\/#\/schema\/logo\/image\/\"},\"sameAs\":[\"https:\/\/www.facebook.com\/casadesezim\/\",\"https:\/\/www.instagram.com\/casadesezim\/\",\"https:\/\/pt.wikipedia.org\/wiki\/Casa_de_Sezim\"]}]}<\/script>\n<!-- \/ Yoast SEO plugin. -->","yoast_head_json":{"title":"Pol\u00edtica de Privacidade - Casa de Sezim","description":"Pol\u00edtica de privacidade e tratamento de dados pessoais por parte da Casa de Sezim - Agricultura, Turismo e Invest. Imob. S.A.","robots":{"index":"index","follow":"follow","max-snippet":"max-snippet:-1","max-image-preview":"max-image-preview:large","max-video-preview":"max-video-preview:-1"},"canonical":"https:\/\/sezim.pt\/?page_id=3","og_locale":"pt_PT","og_type":"article","og_title":"Pol\u00edtica de Privacidade - Casa de Sezim","og_description":"Pol\u00edtica de privacidade e tratamento de dados pessoais por parte da Casa de Sezim - Agricultura, Turismo e Invest. Imob. S.A.","og_url":"https:\/\/sezim.pt\/?page_id=3","og_site_name":"Casa de Sezim","article_publisher":"https:\/\/www.facebook.com\/casadesezim\/","article_modified_time":"2021-11-03T16:52:18+00:00","twitter_card":"summary_large_image","twitter_misc":{"Tempo estimado de leitura":"6 minutos"},"schema":{"@context":"https:\/\/schema.org","@graph":[{"@type":"WebPage","@id":"https:\/\/sezim.pt\/?page_id=3","url":"https:\/\/sezim.pt\/?page_id=3","name":"Pol\u00edtica de Privacidade - Casa de Sezim","isPartOf":{"@id":"https:\/\/sezim.pt\/#website"},"datePublished":"2020-09-28T10:11:17+00:00","dateModified":"2021-11-03T16:52:18+00:00","description":"Pol\u00edtica de privacidade e tratamento de dados pessoais por parte da Casa de Sezim - Agricultura, Turismo e Invest. Imob. S.A.","breadcrumb":{"@id":"https:\/\/sezim.pt\/?page_id=3#breadcrumb"},"inLanguage":"pt-PT","potentialAction":[{"@type":"ReadAction","target":["https:\/\/sezim.pt\/?page_id=3"]}]},{"@type":"BreadcrumbList","@id":"https:\/\/sezim.pt\/?page_id=3#breadcrumb","itemListElement":[{"@type":"ListItem","position":1,"name":"In\u00edcio","item":"https:\/\/sezim.pt\/"},{"@type":"ListItem","position":2,"name":"Pol\u00edtica de Privacidade"}]},{"@type":"WebSite","@id":"https:\/\/sezim.pt\/#website","url":"https:\/\/sezim.pt\/","name":"Casa de Sezim","description":"Vinho Verde e Turismo Rural com saber de Gera\u00e7\u00f5es","publisher":{"@id":"https:\/\/sezim.pt\/#organization"},"potentialAction":[{"@type":"SearchAction","target":{"@type":"EntryPoint","urlTemplate":"https:\/\/sezim.pt\/?s={search_term_string}"},"query-input":{"@type":"PropertyValueSpecification","valueRequired":true,"valueName":"search_term_string"}}],"inLanguage":"pt-PT"},{"@type":"Organization","@id":"https:\/\/sezim.pt\/#organization","name":"Casa de Sezim","url":"https:\/\/sezim.pt\/","logo":{"@type":"ImageObject","inLanguage":"pt-PT","@id":"https:\/\/sezim.pt\/#\/schema\/logo\/image\/","url":"","contentUrl":"","caption":"Casa de Sezim"},"image":{"@id":"https:\/\/sezim.pt\/#\/schema\/logo\/image\/"},"sameAs":["https:\/\/www.facebook.com\/casadesezim\/","https:\/\/www.instagram.com\/casadesezim\/","https:\/\/pt.wikipedia.org\/wiki\/Casa_de_Sezim"]}]}},"_links":{"self":[{"href":"https:\/\/sezim.pt\/index.php?rest_route=\/wp\/v2\/pages\/3","targetHints":{"allow":["GET"]}}],"collection":[{"href":"https:\/\/sezim.pt\/index.php?rest_route=\/wp\/v2\/pages"}],"about":[{"href":"https:\/\/sezim.pt\/index.php?rest_route=\/wp\/v2\/types\/page"}],"author":[{"embeddable":true,"href":"https:\/\/sezim.pt\/index.php?rest_route=\/wp\/v2\/users\/1"}],"replies":[{"embeddable":true,"href":"https:\/\/sezim.pt\/index.php?rest_route=%2Fwp%2Fv2%2Fcomments&post=3"}],"version-history":[{"count":3,"href":"https:\/\/sezim.pt\/index.php?rest_route=\/wp\/v2\/pages\/3\/revisions"}],"predecessor-version":[{"id":941,"href":"https:\/\/sezim.pt\/index.php?rest_route=\/wp\/v2\/pages\/3\/revisions\/941"}],"wp:attachment":[{"href":"https:\/\/sezim.pt\/index.php?rest_route=%2Fwp%2Fv2%2Fmedia&parent=3"}],"curies":[{"name":"wp","href":"https:\/\/api.w.org\/{rel}","templated":true}]}}